{"id":7334,"date":"2024-05-06T19:45:32","date_gmt":"2024-05-06T19:45:32","guid":{"rendered":"https:\/\/fajas-reductoras.com\/?post_type=product&#038;p=7334"},"modified":"2024-05-06T19:47:07","modified_gmt":"2024-05-06T19:47:07","slug":"apple-airpods-3a-generacion-con-estuche-de-carga-lightning","status":"publish","type":"product","link":"https:\/\/fajas-reductoras.com\/index.php\/product\/apple-airpods-3a-generacion-con-estuche-de-carga-lightning\/","title":{"rendered":"Apple AirPods (3\u00aa\u00a0generaci\u00f3n) con\u00a0estuche de\u00a0carga Lightning"},"content":{"rendered":"\n<p class=\"wp-block-paragraph\">Envu\u00e9lvete con el sonido que m\u00e1s te gusta, ajusta la m\u00fasica a tus o\u00eddos gracias a la ecualizaci\u00f3n adaptativa. Si\u00e9ntete libre y dale al play o realiza llamadas. Los AirPods de 3\u00aa generaci\u00f3n te dar\u00e1n todo eso y m\u00e1s.<\/p>\n\n\n\n<h3 class=\"wp-block-heading\">Seguimiento din\u00e1mico de la cabeza<\/h3>\n\n\n\n<p class=\"wp-block-paragraph\">Los micr\u00f3fonos orientados hacia dentro detectan lo que est\u00e1s escuchando para afinar las frecuencias bajas y medias de la canci\u00f3n,&nbsp;<strong>adapt\u00e1ndolas a la forma \u00fanica de tus o\u00eddos<\/strong>. El audio espacial con seguimiento din\u00e1mico de la cabeza convierte la m\u00fasica y las pel\u00edculas (o series) en una experiencia tridimensional. Sentir\u00e1s que el sonido llega de todas partes a tu alrededor, como si estuvieras en medio de una sala de cine o tocaras en la propia orquesta. La ecualizaci\u00f3n adaptativa ajusta los sonidos en tiempo real.<\/p>\n\n\n\n<h3 class=\"wp-block-heading\">Facilidad ante todo<\/h3>\n\n\n\n<p class=\"wp-block-paragraph\">El&nbsp;<strong>sensor de presi\u00f3n te da a\u00fan m\u00e1s control<\/strong>&nbsp;sobre lo que escuchas. Pulsa para reproducir o pausar canciones, pasar de un tema a otro y responder o colgar llamadas. AirPods de 3.\u00aa generaci\u00f3n con audio espacial personalizado para que el sonido te envuelva, mayor autonom\u00eda y resistencia al agua y al sudor. Prep\u00e1rate para una experiencia rodeada de magia.<\/p>\n\n\n\n<h3 class=\"wp-block-heading\">Prestaciones destacadas<\/h3>\n\n\n\n<ul class=\"wp-block-list\">\n<li>El Audio espacial personalizado con seguimiento din\u00e1mico de la cabeza te pone en el centro de lo que escuchas.<\/li>\n\n\n\n<li>Talla \u00fanica<\/li>\n\n\n\n<li>Sensor de presi\u00f3n para controlar la reproducci\u00f3n de contenidos y contestar o colgar llamadas.<\/li>\n\n\n\n<li>Los AirPods y el estuche de carga son resistentes al sudor y al agua.<\/li>\n\n\n\n<li>Estuche de carga Lightning o estuche de carga MagSafe.<\/li>\n\n\n\n<li>Hasta 6 horas de reproducci\u00f3n de audio.<\/li>\n\n\n\n<li>Hasta 30 horas de reproducci\u00f3n de audio en total.<\/li>\n\n\n\n<li>Acceso r\u00e1pido a Siri con solo decir \u00abOye Siri\u00bb.<\/li>\n\n\n\n<li>Configuraci\u00f3n sencilla, detecci\u00f3n de posici\u00f3n y cambio autom\u00e1tico de dispositivo.<\/li>\n\n\n\n<li>Audio compartido en el iPhone, iPad, iPod touch o Apple TV con dos pares de AirPods.<\/li>\n\n\n\n<li>Buscar con ubicaci\u00f3n aproximada para los AirPods.<\/li>\n<\/ul>\n\n\n\n<p class=\"wp-block-paragraph\"><em>* El audio espacial funciona con pel\u00edculas, series y v\u00eddeos en apps compatibles. Se requiere un iPhone con c\u00e1mara TrueDepth para crear un perfil personalizado.<\/em><\/p>\n\n\n\n<p class=\"wp-block-paragraph\"><em>* La duraci\u00f3n de la bater\u00eda var\u00eda en funci\u00f3n de la configuraci\u00f3n y el uso. M\u00e1s informaci\u00f3n en apple.com\/es\/batteries.<\/em><\/p>\n\n\n\n<p class=\"wp-block-paragraph\"><em>* Los AirPods (3.\u00aa generaci\u00f3n) son resistentes al agua y al sudor en entrenamientos y deportes no acu\u00e1ticos, y tienen una calificaci\u00f3n IPX4. La resistencia al agua y al sudor no es permanente.<\/em><\/p>\n\n\n\n<p class=\"wp-block-paragraph\"><em>* Siri no est\u00e1 disponible en todos los idiomas ni pa\u00edses, y sus prestaciones pueden variar en funci\u00f3n del pa\u00eds. Requiere acceso a internet. Consulta las tarifas de datos aplicables.<\/em><\/p>\n\n\n\n<p class=\"wp-block-paragraph\"><em>* Requiere una cuenta de iCloud y un dispositivo Apple compatible con la \u00faltima versi\u00f3n del sistema operativo.<\/em><\/p>\n\n\n\n<p class=\"wp-block-paragraph\"><em>* Compatible con el iPhone 8 o posterior y iPod touch (7.\u00aa generaci\u00f3n) con la \u00faltima versi\u00f3n de iOS; con el iPad Pro de 12,9 pulgadas (2.\u00aa generaci\u00f3n o posterior), iPad Pro de 11 pulgadas, iPad Pro de 10,5 pulgadas, iPad (5.\u00aa generaci\u00f3n o posterior), iPad Air (3.\u00aa generaci\u00f3n o posterior) y iPad mini (5.\u00aa generaci\u00f3n o posterior) con la \u00faltima versi\u00f3n de iPadOS.<\/em><\/p>\n","protected":false},"excerpt":{"rendered":"<p>Envu\u00e9lvete con el sonido que m\u00e1s te gusta, ajusta la m\u00fasica a tus o\u00eddos gracias a la ecualizaci\u00f3n adaptativa. Si\u00e9ntete libre y dale al play o realiza llamadas. Los AirPods de 3\u00aa generaci\u00f3n te dar\u00e1n todo eso y m\u00e1s. Seguimiento din\u00e1mico de la cabeza Los micr\u00f3fonos orientados hacia dentro detectan lo que est\u00e1s escuchando para [&hellip;]<\/p>\n","protected":false},"featured_media":7340,"comment_status":"open","ping_status":"closed","template":"","meta":{"_monsterinsights_skip_tracking":false},"product_brand":[],"product_cat":[],"product_tag":[],"class_list":["post-7334","product","type-product","status-publish","has-post-thumbnail","first","instock","sale","shipping-taxable","purchasable","product-type-simple"],"aioseo_notices":[],"aioseo_head":"\n\t\t<!-- All in One SEO 5.0.1.1 - aioseo.com -->\n\t<meta name=\"description\" content=\"Envu\u00e9lvete con el sonido que m\u00e1s te gusta, ajusta la m\u00fasica a tus o\u00eddos gracias a la ecualizaci\u00f3n adaptativa. Si\u00e9ntete libre y dale al play o realiza llamadas. Los AirPods de 3\u00aa generaci\u00f3n te dar\u00e1n todo eso y m\u00e1s. Seguimiento din\u00e1mico de la cabeza Los micr\u00f3fonos orientados hacia dentro detectan lo que est\u00e1s escuchando para\" \/>\n\t<meta name=\"robots\" content=\"max-image-preview:large\" \/>\n\t<link rel=\"canonical\" href=\"https:\/\/fajas-reductoras.com\/index.php\/product\/apple-airpods-3a-generacion-con-estuche-de-carga-lightning\/\" \/>\n\t<meta name=\"generator\" content=\"All in One SEO (AIOSEO) 5.0.1.1\" \/>\n\t\t<meta property=\"og:locale\" content=\"es_ES\" \/>\n\t\t<meta property=\"og:site_name\" content=\"LaptopM\u00e9xico - S\u00f3lo otro sitio de WordPress\" \/>\n\t\t<meta property=\"og:type\" content=\"article\" \/>\n\t\t<meta property=\"og:title\" content=\"Apple AirPods (3\u00aa generaci\u00f3n) con estuche de carga Lightning - LaptopM\u00e9xico\" \/>\n\t\t<meta property=\"og:description\" content=\"Envu\u00e9lvete con el sonido que m\u00e1s te gusta, ajusta la m\u00fasica a tus o\u00eddos gracias a la ecualizaci\u00f3n adaptativa. Si\u00e9ntete libre y dale al play o realiza llamadas. Los AirPods de 3\u00aa generaci\u00f3n te dar\u00e1n todo eso y m\u00e1s. Seguimiento din\u00e1mico de la cabeza Los micr\u00f3fonos orientados hacia dentro detectan lo que est\u00e1s escuchando para\" \/>\n\t\t<meta property=\"og:url\" content=\"https:\/\/fajas-reductoras.com\/index.php\/product\/apple-airpods-3a-generacion-con-estuche-de-carga-lightning\/\" \/>\n\t\t<meta property=\"og:image\" content=\"https:\/\/fajas-reductoras.com\/wp-content\/uploads\/2024\/05\/shoptimizer_logo.png\" \/>\n\t\t<meta property=\"og:image:secure_url\" content=\"https:\/\/fajas-reductoras.com\/wp-content\/uploads\/2024\/05\/shoptimizer_logo.png\" \/>\n\t\t<meta property=\"og:image:width\" content=\"500\" \/>\n\t\t<meta property=\"og:image:height\" content=\"67\" \/>\n\t\t<meta property=\"article:published_time\" content=\"2024-05-06T19:45:32+00:00\" \/>\n\t\t<meta property=\"article:modified_time\" content=\"2024-05-06T19:47:07+00:00\" \/>\n\t\t<meta name=\"twitter:card\" content=\"summary_large_image\" \/>\n\t\t<meta name=\"twitter:title\" content=\"Apple AirPods (3\u00aa generaci\u00f3n) con estuche de carga Lightning - LaptopM\u00e9xico\" \/>\n\t\t<meta name=\"twitter:description\" content=\"Envu\u00e9lvete con el sonido que m\u00e1s te gusta, ajusta la m\u00fasica a tus o\u00eddos gracias a la ecualizaci\u00f3n adaptativa. Si\u00e9ntete libre y dale al play o realiza llamadas. Los AirPods de 3\u00aa generaci\u00f3n te dar\u00e1n todo eso y m\u00e1s. Seguimiento din\u00e1mico de la cabeza Los micr\u00f3fonos orientados hacia dentro detectan lo que est\u00e1s escuchando para\" \/>\n\t\t<meta name=\"twitter:image\" content=\"https:\/\/fajas-reductoras.com\/wp-content\/uploads\/2024\/05\/shoptimizer_logo.png\" \/>\n\t\t<script type=\"application\/ld+json\" class=\"aioseo-schema\">\n\t\t\t{\"@context\":\"https:\\\/\\\/schema.org\",\"@graph\":[{\"@type\":\"BreadcrumbList\",\"@id\":\"https:\\\/\\\/fajas-reductoras.com\\\/index.php\\\/product\\\/apple-airpods-3a-generacion-con-estuche-de-carga-lightning\\\/#breadcrumblist\",\"itemListElement\":[{\"@type\":\"ListItem\",\"@id\":\"https:\\\/\\\/fajas-reductoras.com#listItem\",\"position\":1,\"name\":\"Home\",\"item\":\"https:\\\/\\\/fajas-reductoras.com\",\"nextItem\":{\"@type\":\"ListItem\",\"@id\":\"https:\\\/\\\/fajas-reductoras.com\\\/index.php\\\/shop\\\/#listItem\",\"name\":\"Shop\"}},{\"@type\":\"ListItem\",\"@id\":\"https:\\\/\\\/fajas-reductoras.com\\\/index.php\\\/shop\\\/#listItem\",\"position\":2,\"name\":\"Shop\",\"item\":\"https:\\\/\\\/fajas-reductoras.com\\\/index.php\\\/shop\\\/\",\"nextItem\":{\"@type\":\"ListItem\",\"@id\":\"https:\\\/\\\/fajas-reductoras.com\\\/index.php\\\/product\\\/apple-airpods-3a-generacion-con-estuche-de-carga-lightning\\\/#listItem\",\"name\":\"Apple AirPods (3\\u00aa\\u00a0generaci\\u00f3n) con\\u00a0estuche de\\u00a0carga Lightning\"},\"previousItem\":{\"@type\":\"ListItem\",\"@id\":\"https:\\\/\\\/fajas-reductoras.com#listItem\",\"name\":\"Home\"}},{\"@type\":\"ListItem\",\"@id\":\"https:\\\/\\\/fajas-reductoras.com\\\/index.php\\\/product\\\/apple-airpods-3a-generacion-con-estuche-de-carga-lightning\\\/#listItem\",\"position\":3,\"name\":\"Apple AirPods (3\\u00aa\\u00a0generaci\\u00f3n) con\\u00a0estuche de\\u00a0carga Lightning\",\"previousItem\":{\"@type\":\"ListItem\",\"@id\":\"https:\\\/\\\/fajas-reductoras.com\\\/index.php\\\/shop\\\/#listItem\",\"name\":\"Shop\"}}]},{\"@type\":\"ItemPage\",\"@id\":\"https:\\\/\\\/fajas-reductoras.com\\\/index.php\\\/product\\\/apple-airpods-3a-generacion-con-estuche-de-carga-lightning\\\/#itempage\",\"url\":\"https:\\\/\\\/fajas-reductoras.com\\\/index.php\\\/product\\\/apple-airpods-3a-generacion-con-estuche-de-carga-lightning\\\/\",\"name\":\"Apple AirPods (3\\u00aa generaci\\u00f3n) con estuche de carga Lightning - LaptopM\\u00e9xico\",\"description\":\"Envu\\u00e9lvete con el sonido que m\\u00e1s te gusta, ajusta la m\\u00fasica a tus o\\u00eddos gracias a la ecualizaci\\u00f3n adaptativa. Si\\u00e9ntete libre y dale al play o realiza llamadas. Los AirPods de 3\\u00aa generaci\\u00f3n te dar\\u00e1n todo eso y m\\u00e1s. Seguimiento din\\u00e1mico de la cabeza Los micr\\u00f3fonos orientados hacia dentro detectan lo que est\\u00e1s escuchando para\",\"inLanguage\":\"es-ES\",\"isPartOf\":{\"@id\":\"https:\\\/\\\/fajas-reductoras.com\\\/#website\"},\"breadcrumb\":{\"@id\":\"https:\\\/\\\/fajas-reductoras.com\\\/index.php\\\/product\\\/apple-airpods-3a-generacion-con-estuche-de-carga-lightning\\\/#breadcrumblist\"},\"image\":{\"@type\":\"ImageObject\",\"url\":\"https:\\\/\\\/fajas-reductoras.com\\\/wp-content\\\/uploads\\\/2024\\\/05\\\/ASSET_MMS_99832568.webp\",\"@id\":\"https:\\\/\\\/fajas-reductoras.com\\\/index.php\\\/product\\\/apple-airpods-3a-generacion-con-estuche-de-carga-lightning\\\/#mainImage\",\"width\":1800,\"height\":1800},\"primaryImageOfPage\":{\"@id\":\"https:\\\/\\\/fajas-reductoras.com\\\/index.php\\\/product\\\/apple-airpods-3a-generacion-con-estuche-de-carga-lightning\\\/#mainImage\"},\"datePublished\":\"2024-05-06T19:45:32+00:00\",\"dateModified\":\"2024-05-06T19:47:07+00:00\"},{\"@type\":\"Organization\",\"@id\":\"https:\\\/\\\/fajas-reductoras.com\\\/#organization\",\"name\":\"Mi blog\",\"description\":\"S\\u00f3lo otro sitio de WordPress\",\"url\":\"https:\\\/\\\/fajas-reductoras.com\\\/\",\"logo\":{\"@type\":\"ImageObject\",\"url\":\"https:\\\/\\\/fajas-reductoras.com\\\/wp-content\\\/uploads\\\/2024\\\/05\\\/cropped-logo.png\",\"@id\":\"https:\\\/\\\/fajas-reductoras.com\\\/index.php\\\/product\\\/apple-airpods-3a-generacion-con-estuche-de-carga-lightning\\\/#organizationLogo\",\"width\":230,\"height\":53},\"image\":{\"@id\":\"https:\\\/\\\/fajas-reductoras.com\\\/index.php\\\/product\\\/apple-airpods-3a-generacion-con-estuche-de-carga-lightning\\\/#organizationLogo\"}},{\"@type\":\"WebSite\",\"@id\":\"https:\\\/\\\/fajas-reductoras.com\\\/#website\",\"url\":\"https:\\\/\\\/fajas-reductoras.com\\\/\",\"name\":\"Mi blog\",\"description\":\"S\\u00f3lo otro sitio de WordPress\",\"inLanguage\":\"es-ES\",\"publisher\":{\"@id\":\"https:\\\/\\\/fajas-reductoras.com\\\/#organization\"}}]}\n\t\t<\/script>\n\t\t<!-- All in One SEO -->\n\n","aioseo_head_json":{"title":"Apple AirPods (3\u00aa generaci\u00f3n) con estuche de carga Lightning - LaptopM\u00e9xico","description":"Envu\u00e9lvete con el sonido que m\u00e1s te gusta, ajusta la m\u00fasica a tus o\u00eddos gracias a la ecualizaci\u00f3n adaptativa. Si\u00e9ntete libre y dale al play o realiza llamadas. Los AirPods de 3\u00aa generaci\u00f3n te dar\u00e1n todo eso y m\u00e1s. Seguimiento din\u00e1mico de la cabeza Los micr\u00f3fonos orientados hacia dentro detectan lo que est\u00e1s escuchando para","canonical_url":"https:\/\/fajas-reductoras.com\/index.php\/product\/apple-airpods-3a-generacion-con-estuche-de-carga-lightning\/","robots":"max-image-preview:large","keywords":"","webmasterTools":{"miscellaneous":""},"schema":{"@context":"https:\/\/schema.org","@graph":[{"@type":"BreadcrumbList","@id":"https:\/\/fajas-reductoras.com\/index.php\/product\/apple-airpods-3a-generacion-con-estuche-de-carga-lightning\/#breadcrumblist","itemListElement":[{"@type":"ListItem","@id":"https:\/\/fajas-reductoras.com#listItem","position":1,"name":"Home","item":"https:\/\/fajas-reductoras.com","nextItem":{"@type":"ListItem","@id":"https:\/\/fajas-reductoras.com\/index.php\/shop\/#listItem","name":"Shop"}},{"@type":"ListItem","@id":"https:\/\/fajas-reductoras.com\/index.php\/shop\/#listItem","position":2,"name":"Shop","item":"https:\/\/fajas-reductoras.com\/index.php\/shop\/","nextItem":{"@type":"ListItem","@id":"https:\/\/fajas-reductoras.com\/index.php\/product\/apple-airpods-3a-generacion-con-estuche-de-carga-lightning\/#listItem","name":"Apple AirPods (3\u00aa\u00a0generaci\u00f3n) con\u00a0estuche de\u00a0carga Lightning"},"previousItem":{"@type":"ListItem","@id":"https:\/\/fajas-reductoras.com#listItem","name":"Home"}},{"@type":"ListItem","@id":"https:\/\/fajas-reductoras.com\/index.php\/product\/apple-airpods-3a-generacion-con-estuche-de-carga-lightning\/#listItem","position":3,"name":"Apple AirPods (3\u00aa\u00a0generaci\u00f3n) con\u00a0estuche de\u00a0carga Lightning","previousItem":{"@type":"ListItem","@id":"https:\/\/fajas-reductoras.com\/index.php\/shop\/#listItem","name":"Shop"}}]},{"@type":"ItemPage","@id":"https:\/\/fajas-reductoras.com\/index.php\/product\/apple-airpods-3a-generacion-con-estuche-de-carga-lightning\/#itempage","url":"https:\/\/fajas-reductoras.com\/index.php\/product\/apple-airpods-3a-generacion-con-estuche-de-carga-lightning\/","name":"Apple AirPods (3\u00aa generaci\u00f3n) con estuche de carga Lightning - LaptopM\u00e9xico","description":"Envu\u00e9lvete con el sonido que m\u00e1s te gusta, ajusta la m\u00fasica a tus o\u00eddos gracias a la ecualizaci\u00f3n adaptativa. Si\u00e9ntete libre y dale al play o realiza llamadas. Los AirPods de 3\u00aa generaci\u00f3n te dar\u00e1n todo eso y m\u00e1s. Seguimiento din\u00e1mico de la cabeza Los micr\u00f3fonos orientados hacia dentro detectan lo que est\u00e1s escuchando para","inLanguage":"es-ES","isPartOf":{"@id":"https:\/\/fajas-reductoras.com\/#website"},"breadcrumb":{"@id":"https:\/\/fajas-reductoras.com\/index.php\/product\/apple-airpods-3a-generacion-con-estuche-de-carga-lightning\/#breadcrumblist"},"image":{"@type":"ImageObject","url":"https:\/\/fajas-reductoras.com\/wp-content\/uploads\/2024\/05\/ASSET_MMS_99832568.webp","@id":"https:\/\/fajas-reductoras.com\/index.php\/product\/apple-airpods-3a-generacion-con-estuche-de-carga-lightning\/#mainImage","width":1800,"height":1800},"primaryImageOfPage":{"@id":"https:\/\/fajas-reductoras.com\/index.php\/product\/apple-airpods-3a-generacion-con-estuche-de-carga-lightning\/#mainImage"},"datePublished":"2024-05-06T19:45:32+00:00","dateModified":"2024-05-06T19:47:07+00:00"},{"@type":"Organization","@id":"https:\/\/fajas-reductoras.com\/#organization","name":"Mi blog","description":"S\u00f3lo otro sitio de WordPress","url":"https:\/\/fajas-reductoras.com\/","logo":{"@type":"ImageObject","url":"https:\/\/fajas-reductoras.com\/wp-content\/uploads\/2024\/05\/cropped-logo.png","@id":"https:\/\/fajas-reductoras.com\/index.php\/product\/apple-airpods-3a-generacion-con-estuche-de-carga-lightning\/#organizationLogo","width":230,"height":53},"image":{"@id":"https:\/\/fajas-reductoras.com\/index.php\/product\/apple-airpods-3a-generacion-con-estuche-de-carga-lightning\/#organizationLogo"}},{"@type":"WebSite","@id":"https:\/\/fajas-reductoras.com\/#website","url":"https:\/\/fajas-reductoras.com\/","name":"Mi blog","description":"S\u00f3lo otro sitio de WordPress","inLanguage":"es-ES","publisher":{"@id":"https:\/\/fajas-reductoras.com\/#organization"}}]},"og:locale":"es_ES","og:site_name":"LaptopM\u00e9xico - S\u00f3lo otro sitio de WordPress","og:type":"article","og:title":"Apple AirPods (3\u00aa generaci\u00f3n) con estuche de carga Lightning - LaptopM\u00e9xico","og:description":"Envu\u00e9lvete con el sonido que m\u00e1s te gusta, ajusta la m\u00fasica a tus o\u00eddos gracias a la ecualizaci\u00f3n adaptativa. Si\u00e9ntete libre y dale al play o realiza llamadas. Los AirPods de 3\u00aa generaci\u00f3n te dar\u00e1n todo eso y m\u00e1s. Seguimiento din\u00e1mico de la cabeza Los micr\u00f3fonos orientados hacia dentro detectan lo que est\u00e1s escuchando para","og:url":"https:\/\/fajas-reductoras.com\/index.php\/product\/apple-airpods-3a-generacion-con-estuche-de-carga-lightning\/","og:image":"https:\/\/fajas-reductoras.com\/wp-content\/uploads\/2024\/05\/shoptimizer_logo.png","og:image:secure_url":"https:\/\/fajas-reductoras.com\/wp-content\/uploads\/2024\/05\/shoptimizer_logo.png","og:image:width":500,"og:image:height":67,"article:published_time":"2024-05-06T19:45:32+00:00","article:modified_time":"2024-05-06T19:47:07+00:00","twitter:card":"summary_large_image","twitter:title":"Apple AirPods (3\u00aa generaci\u00f3n) con estuche de carga Lightning - LaptopM\u00e9xico","twitter:description":"Envu\u00e9lvete con el sonido que m\u00e1s te gusta, ajusta la m\u00fasica a tus o\u00eddos gracias a la ecualizaci\u00f3n adaptativa. Si\u00e9ntete libre y dale al play o realiza llamadas. Los AirPods de 3\u00aa generaci\u00f3n te dar\u00e1n todo eso y m\u00e1s. Seguimiento din\u00e1mico de la cabeza Los micr\u00f3fonos orientados hacia dentro detectan lo que est\u00e1s escuchando para","twitter:image":"https:\/\/fajas-reductoras.com\/wp-content\/uploads\/2024\/05\/shoptimizer_logo.png"},"aioseo_meta_data":{"post_id":"7334","title":null,"description":null,"keywords":null,"keyphrases":{"focus":{"keyphrase":"","score":0,"analysis":{"keyphraseInTitle":{"score":0,"maxScore":9,"error":1}}},"additional":[]},"primary_term":null,"canonical_url":null,"og_title":null,"og_description":null,"og_object_type":"default","og_image_type":"default","og_image_url":null,"og_image_width":null,"og_image_height":null,"og_image_custom_url":null,"og_image_custom_fields":null,"og_video":"","og_custom_url":null,"og_article_section":null,"og_article_tags":null,"twitter_use_og":false,"twitter_card":"default","twitter_image_type":"default","twitter_image_url":null,"twitter_image_custom_url":null,"twitter_image_custom_fields":null,"twitter_title":null,"twitter_description":null,"schema":{"blockGraphs":[],"customGraphs":[],"default":{"data":{"Article":[],"Course":[],"Dataset":[],"FAQPage":[],"Movie":[],"Person":[],"Product":[],"ProductReview":[],"Car":[],"Recipe":[],"Service":[],"SoftwareApplication":[],"WebPage":[]},"graphName":"ItemPage","isEnabled":true},"graphs":[]},"schema_type":"default","schema_type_options":null,"pillar_content":false,"robots_default":true,"robots_noindex":false,"robots_noarchive":false,"robots_nosnippet":false,"robots_nofollow":false,"robots_noimageindex":false,"robots_noodp":false,"robots_notranslate":false,"robots_max_snippet":"-1","robots_max_videopreview":"-1","robots_max_imagepreview":"large","priority":null,"frequency":"default","local_seo":null,"breadcrumb_settings":null,"limit_modified_date":false,"ai":null,"created":"2024-05-06 19:45:33","updated":"2025-06-04 08:21:09","seo_analyzer_scan_date":null,"focus_keyword":null,"additional_keywords":null,"truseo_locale":null},"aioseo_breadcrumb":"<div class=\"aioseo-breadcrumbs\"><span class=\"aioseo-breadcrumb\">\n\t\t\t<a href=\"https:\/\/fajas-reductoras.com\" title=\"Home\">Home<\/a>\n\t\t<\/span><span class=\"aioseo-breadcrumb-separator\">&raquo;<\/span><span class=\"aioseo-breadcrumb\">\n\t\t\t<a href=\"https:\/\/fajas-reductoras.com\/index.php\/shop\/\" title=\"Shop\">Shop<\/a>\n\t\t<\/span><span class=\"aioseo-breadcrumb-separator\">&raquo;<\/span><span class=\"aioseo-breadcrumb\">\n\t\t\tApple AirPods (3\u00aa generaci\u00f3n) con estuche de carga Lightning\n\t\t<\/span><\/div>","aioseo_breadcrumb_json":[{"label":"Home","link":"https:\/\/fajas-reductoras.com"},{"label":"Shop","link":"https:\/\/fajas-reductoras.com\/index.php\/shop\/"},{"label":"Apple AirPods (3\u00aa\u00a0generaci\u00f3n) con\u00a0estuche de\u00a0carga Lightning","link":"https:\/\/fajas-reductoras.com\/index.php\/product\/apple-airpods-3a-generacion-con-estuche-de-carga-lightning\/"}],"_links":{"self":[{"href":"https:\/\/fajas-reductoras.com\/index.php\/wp-json\/wp\/v2\/product\/7334","targetHints":{"allow":["GET"]}}],"collection":[{"href":"https:\/\/fajas-reductoras.com\/index.php\/wp-json\/wp\/v2\/product"}],"about":[{"href":"https:\/\/fajas-reductoras.com\/index.php\/wp-json\/wp\/v2\/types\/product"}],"replies":[{"embeddable":true,"href":"https:\/\/fajas-reductoras.com\/index.php\/wp-json\/wp\/v2\/comments?post=7334"}],"wp:featuredmedia":[{"embeddable":true,"href":"https:\/\/fajas-reductoras.com\/index.php\/wp-json\/wp\/v2\/media\/7340"}],"wp:attachment":[{"href":"https:\/\/fajas-reductoras.com\/index.php\/wp-json\/wp\/v2\/media?parent=7334"}],"wp:term":[{"taxonomy":"product_brand","embeddable":true,"href":"https:\/\/fajas-reductoras.com\/index.php\/wp-json\/wp\/v2\/product_brand?post=7334"},{"taxonomy":"product_cat","embeddable":true,"href":"https:\/\/fajas-reductoras.com\/index.php\/wp-json\/wp\/v2\/product_cat?post=7334"},{"taxonomy":"product_tag","embeddable":true,"href":"https:\/\/fajas-reductoras.com\/index.php\/wp-json\/wp\/v2\/product_tag?post=7334"}],"curies":[{"name":"wp","href":"https:\/\/api.w.org\/{rel}","templated":true}]}}